{"id":2679,"date":"2017-11-10T13:08:50","date_gmt":"2017-11-10T11:08:50","guid":{"rendered":"http:\/\/www.reunion68.com\/?page_id=2679"},"modified":"2017-11-10T14:06:29","modified_gmt":"2017-11-10T12:06:29","slug":"2679-2","status":"publish","type":"page","link":"https:\/\/www.reunion68.com\/?page_id=2679","title":{"rendered":"Nagroda im. J. Wiszniewicz &#8211;  APEL!"},"content":{"rendered":"<h5 style=\"text-align: center;\"><a href=\"http:\/\/www.otwarta.org\/\" target=\"_blank\" rel=\"noopener\"><img decoding=\"async\" class=\"center alignleft\" src=\"http:\/\/www.reunion68.com\/Biuletyn\/img\/otwarta.png\" alt=\"\" width=\"40%\" \/><\/a><span style=\"text-decoration: underline; color: #000080;\"><strong><a style=\"color: #000080; text-decoration: underline;\" href=\"http:\/\/www.otwarta.org\/lista-laureatow-xxii-edycji-konkursu-im-j-j-lipskiego\/\" target=\"_blank\" rel=\"noopener\">Nagroda im. J. Wiszniewicz &#8211; APEL!<\/a><\/strong><\/span><\/h5>\n<p style=\"text-align: center;\"><span style=\"color: #000000;\"><strong>Stowarzyszenie przeciw Antysemityzmowi i Ksenofobii \u201eOtwarta Rzeczpospolita<\/strong><\/span><\/p>\n<hr style=\"height: 15px; background: #d0e6fa; width: 710px;\" \/>\n<p><img decoding=\"async\" class=\"center alignleft\" src=\"http:\/\/www.reunion68.com\/Biuletyn\/img\/temp\/Wiszniewicz.jpg\" alt=\"\" width=\"50%\" \/><\/p>\n<p style=\"text-align: left;\"><span style=\"color: #000080;\">Chyba nie mo\u017cna przeceni\u0107 zas\u0142ug Joasi Wiszniewicz w upami\u0119tnieniu pokolenia Marca&#8217;68. Pami\u0119tam, \u017ce wielokrotnie wspomina\u0142a, jak wielkim prze\u017cyciem by\u0142o dla niej uczestnictwo w zje\u017adzie Reunion&#8217;68 w Aszkelonie w 1998. Poniewa\u017c mia\u0142em z tym co\u015b wsp\u00f3lnego (cho\u0107 niewiele), chcia\u0142bym doda\u0107 te\u017c moje wspomnienie na ten temat.<\/span><\/p>\n<p style=\"text-align: left;\"><span style=\"color: #000080;\">Nieca\u0142y rok przed tym zjazdem zwr\u00f3ci\u0142a si\u0119 do mnie nowojorska przyjaci\u00f3\u0142ka z nast\u0119puj\u0105cym dylematem. W\u0142a\u015bnie obchodzi\u0142a ona (przyznaj\u0119, \u017ce do\u015b\u0107 hucznie&#8230;) swoje okr\u0105g\u0142e urodziny i opr\u00f3cz wielu, mniej lub bardziej przydatnych prezent\u00f3w, dosta\u0142a do r\u0119ki got\u00f3wk\u0105 ponad dwa tysi\u0105ce dolar\u00f3w. Twierdz\u0105c, \u017ce pieni\u0119dzy ma dosy\u0107, zapyta\u0142a si\u0119 czy mog\u0142a by przekaza\u0107 t\u0119 sum\u0119 na jaki\u015b szlachetny cel i czy ja mam jaki\u015b pomys\u0142? Mia\u0142em. W owym czasie dostawa\u0142em na adres &#8220;Biuletynu Reunion&#8217;68&#8221; pro\u015bby o pomoc w sfinansowaniu przyjazdu do Aszkelonu na zjazd. Pomy\u015bla\u0142em sobie, \u017ce komu taka pomoc najbardziej nale\u017ca\u0142aby si\u0119 ni\u017c Joasi?<\/span><\/p>\n<p style=\"text-align: left;\"><span style=\"color: #000080;\">W tradycji \u017cydowskiej najwy\u017cszym stopniem filantropii jest sytuacja, kiedy darczy\u0144ca nie ma poj\u0119cia komu przeznaczony zosta\u0142 jego dar a te\u017c osoba obdarowana nie zna to\u017csamo\u015bci filantropa. Jest to bardzo m\u0105dra zasada, pomagaj\u0105ca unikn\u0105\u0107 niepotrzebnych komplikacji jak np. oczekiwanie wdzi\u0119czno\u015bci, itp. Wyja\u015bni\u0142em to mojej przyjaci\u00f3\u0142ce, kt\u00f3ra od razu zgodzi\u0142a si\u0119 na tak\u0105 &#8220;podw\u00f3jn\u0105&#8221; anonimowo\u015b\u0107.<\/span><\/p>\n<p style=\"text-align: left;\"><img decoding=\"async\" class=\"center alignright\" src=\"http:\/\/www.reunion68.com\/Biuletyn\/ico\/leon-r.jpg\" alt=\"\" width=\"15%\" \/><span style=\"color: #000080;\">Je\u015bli przeczyta ona te moje uwagi, po raz pierwszy dowie si\u0119, kto skorzysta\u0142 z jej dobrego serca i szczodro\u015bci. Zapytacie, kto by\u0142 tym drugim szcz\u0119\u015bliwcem? Tego nie ujawni\u0119. Powiem tylko, \u017ce ta osoba poczu\u0142a si\u0119 tak zainspirowana Aszkelonem 1998, \u017ce zamieszka\u0142a w Izraelu, za\u0142o\u017cy\u0142a rodzin\u0119 i mieszka tam do dzisiaj. \u0141adna historia, prawda&#8230;?<\/span><br \/>\n<span style=\"color: #000080;\"> Przeczytajcie poni\u017cszy apel i pomy\u015blcie, ile dobra ka\u017cdy z nas mo\u017ce uczyni\u0107&#8230;<\/span><\/p>\n<p style=\"text-align: right;\"><strong><span style=\"color: #808080;\"><em>Leon Rozenbaum<\/em><\/span><\/strong><\/p>\n<p><img decoding=\"async\" class=\"center aligncenter\" src=\"http:\/\/www.reunion68.com\/Biuletyn\/img\/break.png\" alt=\"\" \/><\/p>\n<p>&nbsp;<\/p>\n<table>\n<tbody>\n<tr>\n<td bgcolor=\"#FFffff\" width=\"100%\">\n<p style=\"text-align: center;\"><strong>Nagroda im. J. Wiszniewicz &#8211; APEL!<\/strong><\/p>\n<p><img decoding=\"async\" class=\"center alignleft\" src=\"http:\/\/www.reunion68.com\/Biuletyn\/img\/temp\/Wiszniewicz.png\" alt=\"\" width=\"15%\" \/><\/p>\n<p>Wszyscy kt\u00f3rzy znali Joann\u0119 Wiszniewicz zachowali na zawsze obraz osoby serdecznej, \u017cyczliwej, pe\u0142nej humoru. Jej ksi\u0105\u017cka \u201e\u017bycie przeci\u0119te. Opowie\u015bci pokolenia Marca\u201d (wyd. Czarne) uhonorowana zosta\u0142a nagrod\u0105 Pi\u00f3ro Fredry za najlepsz\u0105 ksi\u0105\u017ck\u0119 roku 2008. Jest to epokowe dzie\u0142o, dokumentuj\u0105ce losy 27 m\u0142odych polskich \u017byd\u00f3w z pokolenia Marca\u201868, powsta\u0142e jako uwie\u0144czenie wielu rozm\u00f3w z lud\u017ami z tego kr\u0119gu.<br \/>\nPrzedwczesna ci\u0119\u017cka choroba i \u015bmier\u0107 Joanny 31 stycznia 2009 po\u0142o\u017cy\u0142y kres Jej niezwyk\u0142emu oddaniu sprawie poznanie los\u00f3w i wybor\u00f3w polskich \u017byd\u00f3w pokolenia &#8217;68 \u2013 emigrant\u00f3w, a tak\u017ce tych pozosta\u0142ych w Polsce.<\/p>\n<p>Pieni\u0105dze zebrane przez przyjaci\u00f3\u0142 na leczenie Joanny zosta\u0142y przeznaczone na ufundowanie nagrody Jej imienia w ramach Konkursu im. Jana J\u00f3zefa Lipskiego. Przyznawane od 2010 nagrody im. Joanny Wiszniewicz otrzyma\u0142o dotychczas osiem prac magisterskich obejmuj\u0105cych rozmaite tematy, bliskie jednak zainteresowaniom i dzia\u0142alno\u015bci Joanny. S\u0105 w\u015br\u00f3d nich prace historyczno-literackie, socjologiczne, antropologiczne a tak\u017ce z dziedziny teatrologii i muzykologii.<\/p>\n<p>Fundusze umo\u017cliwiaj\u0105ce przyznawanie nagrody im. Joanny Wiszniewicz niestety w\u0142a\u015bnie si\u0119 wyczerpa\u0142y. By\u0142oby wielk\u0105 szkod\u0105 i strat\u0105 dla nas wszystkich, gdyby pasja Joanny, kt\u00f3r\u0105 by\u0142o upami\u0119tnienie pokolenia Marca &#8217;68, nie mog\u0142a by\u0107 kontynuowana. Joanna mia\u0142a ogromny wp\u0142yw na dotychczasowe zachowanie tego \u015bwiadectwa i czujemy si\u0119 w obowi\u0105zku zapewni\u0107 kontynuacj\u0119 Jej dzie\u0142a. Roczny koszt nagrody imienia Joanny to oko\u0142o 2000 z\u0142. To przecie\u017c nie tak wiele, aby zachowa\u0107 Joann\u0119 w zbiorowej pami\u0119ci, a m\u0142odym naukowcom umo\u017cliwi\u0107 badania w tak wa\u017cnym dla nas wszystkich temacie. Przyjaciele Joanny, Marek Gumkowski, Staszek Matwin i Irena W\u00f3ycicka postanowili zaj\u0105\u0107 si\u0119 reaktywacj\u0105 Nagrody im. Joanny Wiszniewicz. Wielkie dzi\u0119ki nale\u017c\u0105 im si\u0119 za to od nas wszystkich.<\/p>\n<p>Organizator Konkursu, Stowarzyszenie przeciw Antysemityzmowi i Ksenofobii \u201eOtwarta Rzeczpospolita\u201d (<span style=\"text-decoration: underline; color: #000000;\"><strong><a href=\"http:\/\/www.otwarta.org\/jak-dzialamy\/konkurs-prac-magisterskich-im-j-j-lipskiego\/\" target=\"_blank\" rel=\"noopener\">http:\\\\www.otwarta.org<\/a><\/strong><\/span>), otworzy\u0142o specjalne subkonto przeznaczone tylko na wydatki zwi\u0105zane z nagrod\u0105<br \/>\n<strong>im. Joanny Wiszniewicz.<\/strong><\/p>\n<p>Sponsorzy b\u0119d\u0105, je\u015bli sobie tego za\u017cycz\u0105, informowani<br \/>\no wyr\u00f3\u017cnionych pracach oraz o stanie konta.<\/p>\n<p>Wp\u0142aty w Polsce na konto: <strong>14 1020 1055 0000 9102 0146 3298<\/strong><br \/>\nz dopiskiem: \u201e<strong>Konkurs im. J.J. Lipskiego &#8211; Nagroda im. J. Wiszniewicz<\/strong>\u201d<\/p>\n<p>Wp\u0142aty z zagranicy:<br \/>\nKod SWIFT: <strong>BPKOPLPW<\/strong><br \/>\nKod IBAN: <strong>PL 14 1020 1055 0000 9102 0146 3298<\/strong><br \/>\nz dopiskiem: \u201e<strong>Konkurs im. J.J. Lipskiego. Nagroda im. J. Wiszniewicz<\/strong>\u201d<\/p>\n<p style=\"text-align: center;\">Wszelkie dodatkowe pytania nale\u017cy kierowa\u0107 do Staszka Matwina na: <strong><span style=\"text-decoration: underline; color: #000080;\"><a href=\"mailto:stan@cs.dal.ca\">stan@cs.dal.ca<\/a><\/span><\/strong><\/p>\n<\/td>\n<\/tr>\n<\/tbody>\n<\/table>\n<hr style=\"height: 15px; background: #d0e6fa; width: 710px;\" \/>\n<div id=\"content\" class=\" content-alignment&lt;br \/&gt;&lt;br \/&gt; \">\n<div id=\"watch-description\" class=\"yt-uix-button-panel\">\n<div id=\"watch-description-text\">\n<p style=\"text-align: center;\"><span style=\"color: #808080;\"> twoje uwagi, linki, wlasne artykuly, lub wiadomosci przeslij do: <span style=\"color: #000080;\"><strong><span style=\"text-decoration: underline;\"><a style=\"color: #000080; text-decoration: underline;\" href=\"mailto:webmaster@reunion68.com\">webmaster@reunion68.com<\/a><\/span><\/strong><\/span><\/span><\/p>\n<\/div>\n<\/div>\n<\/div>\n<p>&nbsp;<\/p>\n<hr style=\"width: 710px;\" \/>\n","protected":false},"excerpt":{"rendered":"<p>Nagroda im. J. Wiszniewicz &#8211; APEL! Stowarzyszenie przeciw Antysemityzmowi i Ksenofobii \u201eOtwarta Rzeczpospolita Chyba nie mo\u017cna przeceni\u0107 zas\u0142ug Joasi Wiszniewicz w upami\u0119tnieniu pokolenia Marca&#8217;68. Pami\u0119tam, \u017ce wielokrotnie wspomina\u0142a, jak wielkim prze\u017cyciem by\u0142o dla niej uczestnictwo w zje\u017adzie Reunion&#8217;68 w Aszkelonie w 1998. Poniewa\u017c mia\u0142em z tym co\u015b wsp\u00f3lnego (cho\u0107 niewiele), chcia\u0142bym doda\u0107 te\u017c moje wspomnienie [&hellip;]<\/p>\n","protected":false},"author":1,"featured_media":0,"parent":0,"menu_order":0,"comment_status":"closed","ping_status":"closed","template":"","meta":[],"_links":{"self":[{"href":"https:\/\/www.reunion68.com\/index.php?rest_route=\/wp\/v2\/pages\/2679"}],"collection":[{"href":"https:\/\/www.reunion68.com\/index.php?rest_route=\/wp\/v2\/pages"}],"about":[{"href":"https:\/\/www.reunion68.com\/index.php?rest_route=\/wp\/v2\/types\/page"}],"author":[{"embeddable":true,"href":"https:\/\/www.reunion68.com\/index.php?rest_route=\/wp\/v2\/users\/1"}],"replies":[{"embeddable":true,"href":"https:\/\/www.reunion68.com\/index.php?rest_route=%2Fwp%2Fv2%2Fcomments&post=2679"}],"version-history":[{"count":23,"href":"https:\/\/www.reunion68.com\/index.php?rest_route=\/wp\/v2\/pages\/2679\/revisions"}],"predecessor-version":[{"id":2681,"href":"https:\/\/www.reunion68.com\/index.php?rest_route=\/wp\/v2\/pages\/2679\/revisions\/2681"}],"wp:attachment":[{"href":"https:\/\/www.reunion68.com\/index.php?rest_route=%2Fwp%2Fv2%2Fmedia&parent=2679"}],"curies":[{"name":"wp","href":"https:\/\/api.w.org\/{rel}","templated":true}]}}